{"id":3122,"date":"2015-09-23T17:12:41","date_gmt":"2015-09-23T16:12:41","guid":{"rendered":"http:\/\/www.wagnerverlag.at\/content\/?post_type=product&#038;p=3122"},"modified":"2017-07-07T10:30:51","modified_gmt":"2017-07-07T09:30:51","slug":"aus-dem-rahmen","status":"publish","type":"product","link":"https:\/\/www.wagnerverlag.at\/content\/?product=aus-dem-rahmen","title":{"rendered":"Aus dem Rahmen. Neue Blicke auf die J\u00e4gerst\u00e4tters in ausgew\u00e4hlten Sch\u00fclerInnenbildern von 2003 bis 2013 und in Vortr\u00e4gen von 2011 bis 2013"},"content":{"rendered":"<p style=\"text-align: justify;\">Der Band \u201eAus dem Rahmen, Neue Blicke auf die J\u00e4gerst\u00e4tters\u201c stellt eine Fortsetzung und Erg\u00e4nzung zu den \u201eJungen Briefen an die J\u00e4gerst\u00e4tters\u201c (2008) dar. Der vorliegende Band beinhaltet ausgew\u00e4hlte Grafiken, Zeichnungen, Collagen, Mail arts und Word arts und Bildgeschichten zum Thema Franz und Franziska J\u00e4gerst\u00e4tter. Die Bilder stammen von Sch\u00fclerInnen aller Altersgruppen und Schultypen und wurden bei Wettbewerben zwischen 2003 und 2013 eingereicht. Neben der Kreativit\u00e4t beeindruckt die Tiefgr\u00fcndigkeit der Bilder, welche die Auseinandersetzung mit dem Leben und Glauben von Franz und Franziska J\u00e4gerst\u00e4tter illustrieren. Weiters enth\u00e4lt das Buch bisher unver\u00f6ffentlichte Vortr\u00e4ge und Reden zu Franz und Franziska J\u00e4gerst\u00e4tter. Zu Wort kommen: Landeshauptmann Josef P\u00fchringer, die Bisch\u00f6fe Ludwig Schwarz und Bischof Manfred Scheuer und Superintendent Gerold Lehner. Weitere AutorInnen sind Hildegard Goss-Mayr, Erna Putz und Thomas Schlager-Weidinger.<\/p>\n","protected":false},"excerpt":{"rendered":"<p>ISBN: 978-3-902330-94-9<\/p>\n<p>141 Seiten, farbig bebildert<\/p>\n<p>Bestellnummer: 1403<\/p>\n","protected":false},"featured_media":3998,"comment_status":"closed","ping_status":"closed","template":"","meta":{"pgc_meta":"","kia_subtitle":"Thomas Schlager-Weidinger, Erna Putz (Hg.)"},"product_cat":[111],"product_tag":[179,178],"acf":[],"_links":{"self":[{"href":"https:\/\/www.wagnerverlag.at\/content\/index.php?rest_route=\/wp\/v2\/product\/3122"}],"collection":[{"href":"https:\/\/www.wagnerverlag.at\/content\/index.php?rest_route=\/wp\/v2\/product"}],"about":[{"href":"https:\/\/www.wagnerverlag.at\/content\/index.php?rest_route=\/wp\/v2\/types\/product"}],"replies":[{"embeddable":true,"href":"https:\/\/www.wagnerverlag.at\/content\/index.php?rest_route=%2Fwp%2Fv2%2Fcomments&post=3122"}],"wp:featuredmedia":[{"embeddable":true,"href":"https:\/\/www.wagnerverlag.at\/content\/index.php?rest_route=\/wp\/v2\/media\/3998"}],"wp:attachment":[{"href":"https:\/\/www.wagnerverlag.at\/content\/index.php?rest_route=%2Fwp%2Fv2%2Fmedia&parent=3122"}],"wp:term":[{"taxonomy":"product_cat","embeddable":true,"href":"https:\/\/www.wagnerverlag.at\/content\/index.php?rest_route=%2Fwp%2Fv2%2Fproduct_cat&post=3122"},{"taxonomy":"product_tag","embeddable":true,"href":"https:\/\/www.wagnerverlag.at\/content\/index.php?rest_route=%2Fwp%2Fv2%2Fproduct_tag&post=3122"}],"curies":[{"name":"wp","href":"https:\/\/api.w.org\/{rel}","templated":true}]}}