{"id":3102,"date":"2015-09-23T16:30:11","date_gmt":"2015-09-23T15:30:11","guid":{"rendered":"http:\/\/www.wagnerverlag.at\/content\/?post_type=product&#038;p=3102"},"modified":"2016-07-04T09:46:43","modified_gmt":"2016-07-04T08:46:43","slug":"personalmanagement-in-der-altenbetreuung","status":"publish","type":"product","link":"https:\/\/www.wagnerverlag.at\/content\/?product=personalmanagement-in-der-altenbetreuung","title":{"rendered":"Personalmanagement in der Altenbetreuung. Mitarbeiter gewinnen und entwickeln"},"content":{"rendered":"<p style=\"font-weight: 300; text-align: justify;\">Personalmangel ist eine der zentralen Herausforderungen, denen sich Einrichtungen der Altenbetreuung derzeit gegen\u00fcber sehen. Braucht es ein besseres Image der Berufe in der Altenpflege oder ein professionelleres Auftreten der Einrichtungen auf dem Arbeitsmarkt?<br \/>\nK\u00f6nnen ein effizienterer Einsatz der vorhandenen Personalressourcen oder eine vorausschauende und strukturierte Personalentwicklung Abhilfe schaffen?<br \/>\nDer Band greift wesentliche Aufgabenbereiche des Personalmanagements in Einrichtungen der Altenbetreuung und -pflege auf. ExpertInnen er\u00f6rtern theoretische Hintergr\u00fcnde und zeitgem\u00e4\u00dfe L\u00f6sungsans\u00e4tze zu folgenden Themen: Personalmarketing, Personalsuche- und -auswahl, Personalentwicklung und Personalmanagement f\u00fcr freiwillige Mitarbeiterinnen sowie Mitarbeiterbindung.<br \/>\nDas Buch richtet sich an F\u00fchrungskr\u00e4fte, die wissenschaftlich fundierte Antworten auf diese dr\u00e4ngenden Personalfragen in der Altenbetreuung finden wollen.<\/p>\n","protected":false},"excerpt":{"rendered":"<p>ISBN:\u00a0 978-3-902330-78-9<\/p>\n<p>254 Seiten, zahlr. Abbildungen<\/p>\n<p><span style=\"color: #ff0000;\"><a style=\"color: #ff0000;\" href=\"https:\/\/www.wagnerverlag.at\/content\/wp-content\/uploads\/2013\/04\/Leben-im-Alter-4-Inhalt.pdf\">Inhaltsverzeichnis<\/a><\/span><\/p>\n<p>Bestellnummer: 1301<\/p>\n","protected":false},"featured_media":4016,"comment_status":"closed","ping_status":"closed","template":"","meta":{"pgc_meta":"","kia_subtitle":"Brigitta N\u00f6bauer (Hg.)"},"product_cat":[124],"product_tag":[191],"acf":[],"_links":{"self":[{"href":"https:\/\/www.wagnerverlag.at\/content\/index.php?rest_route=\/wp\/v2\/product\/3102"}],"collection":[{"href":"https:\/\/www.wagnerverlag.at\/content\/index.php?rest_route=\/wp\/v2\/product"}],"about":[{"href":"https:\/\/www.wagnerverlag.at\/content\/index.php?rest_route=\/wp\/v2\/types\/product"}],"replies":[{"embeddable":true,"href":"https:\/\/www.wagnerverlag.at\/content\/index.php?rest_route=%2Fwp%2Fv2%2Fcomments&post=3102"}],"wp:featuredmedia":[{"embeddable":true,"href":"https:\/\/www.wagnerverlag.at\/content\/index.php?rest_route=\/wp\/v2\/media\/4016"}],"wp:attachment":[{"href":"https:\/\/www.wagnerverlag.at\/content\/index.php?rest_route=%2Fwp%2Fv2%2Fmedia&parent=3102"}],"wp:term":[{"taxonomy":"product_cat","embeddable":true,"href":"https:\/\/www.wagnerverlag.at\/content\/index.php?rest_route=%2Fwp%2Fv2%2Fproduct_cat&post=3102"},{"taxonomy":"product_tag","embeddable":true,"href":"https:\/\/www.wagnerverlag.at\/content\/index.php?rest_route=%2Fwp%2Fv2%2Fproduct_tag&post=3102"}],"curies":[{"name":"wp","href":"https:\/\/api.w.org\/{rel}","templated":true}]}}