{"id":3073,"date":"2015-09-23T14:38:05","date_gmt":"2015-09-23T13:38:05","guid":{"rendered":"http:\/\/www.wagnerverlag.at\/content\/?post_type=product&#038;p=3073"},"modified":"2017-07-10T09:12:20","modified_gmt":"2017-07-10T08:12:20","slug":"losing-my-religion","status":"publish","type":"product","link":"https:\/\/www.wagnerverlag.at\/content\/?product=losing-my-religion","title":{"rendered":"\u201eLosing my religion\u2026?\u201c Religion \u2013 Glaube \u2013 Kirche bei 15-18j\u00e4hrigen Jugendlichen. Ergebnisse einer empirischen Projektstudie in ober\u00f6sterreichischen Schulen"},"content":{"rendered":"<p style=\"text-align: justify;\">Im Zentrum des Buches stehen 15-18j\u00e4hrige Sch\u00fclerInnen, die zu den Themen Religion \u2013 Glaube \u2013 Kirche befragt wurden. Besondere Aufmerksamkeit galt dabei dem Versuch, eine Einsch\u00e4tzung \u00fcber jugendliche Glaubenswelten zu erhalten. Die Arbeit ist eine Momentaufnahme dazu, welche Einstellungen Jugendliche zu religi\u00f6sen und kirchlichen Werten haben, wie sich deren Gebundenheit an die Institution Kirche zeigt und was sie f\u00fcr den Gottesdienst- und\/oder Religionsunterrichtsbesuch motiviert.<br \/>\nUm die Untersuchung in einem breiteren religionssoziologischen Diskurs zwischen S\u00e4kularisierung und Megatrend Religion entsprechend verorten zu k\u00f6nnen, werden diese beiden Ans\u00e4tze vorgestellt. Dar\u00fcber hinaus werden die Ergebnisse inhaltlich \u00e4hnlicher und umfassenderer Jugendstudien \u2013 der Shell Jugendstudie und der Sinus-Milieu-Studie \u2013 kurz pr\u00e4sentiert, um dazu Vergleiche zu ziehen. Damit will dieses Buch ein Beitrag dazu sein, einen Einblick in m\u00f6gliche Entwicklungen k\u00fcnftiger Generationen zu gewinnen.<\/p>\n","protected":false},"excerpt":{"rendered":"<p>ISBN: 978-3-902330-49-9<\/p>\n<p>237 Seiten, graph. Darstellungen, Tabellen<\/p>\n<p><span style=\"color: #ff0000;\"><a style=\"color: #ff0000;\" href=\"https:\/\/www.wagnerverlag.at\/content\/wp-content\/uploads\/2010\/11\/Inhaltsverzeichnis-Losing-my-religion.pdf\">Inhaltsverzeichnis<\/a><\/span><\/p>\n<p>Bestellnummer: 1007<\/p>\n","protected":false},"featured_media":4058,"comment_status":"closed","ping_status":"closed","template":"","meta":{"pgc_meta":"","kia_subtitle":"Maria Dammayr"},"product_cat":[117],"product_tag":[223],"acf":[],"_links":{"self":[{"href":"https:\/\/www.wagnerverlag.at\/content\/index.php?rest_route=\/wp\/v2\/product\/3073"}],"collection":[{"href":"https:\/\/www.wagnerverlag.at\/content\/index.php?rest_route=\/wp\/v2\/product"}],"about":[{"href":"https:\/\/www.wagnerverlag.at\/content\/index.php?rest_route=\/wp\/v2\/types\/product"}],"replies":[{"embeddable":true,"href":"https:\/\/www.wagnerverlag.at\/content\/index.php?rest_route=%2Fwp%2Fv2%2Fcomments&post=3073"}],"wp:featuredmedia":[{"embeddable":true,"href":"https:\/\/www.wagnerverlag.at\/content\/index.php?rest_route=\/wp\/v2\/media\/4058"}],"wp:attachment":[{"href":"https:\/\/www.wagnerverlag.at\/content\/index.php?rest_route=%2Fwp%2Fv2%2Fmedia&parent=3073"}],"wp:term":[{"taxonomy":"product_cat","embeddable":true,"href":"https:\/\/www.wagnerverlag.at\/content\/index.php?rest_route=%2Fwp%2Fv2%2Fproduct_cat&post=3073"},{"taxonomy":"product_tag","embeddable":true,"href":"https:\/\/www.wagnerverlag.at\/content\/index.php?rest_route=%2Fwp%2Fv2%2Fproduct_tag&post=3073"}],"curies":[{"name":"wp","href":"https:\/\/api.w.org\/{rel}","templated":true}]}}